{"id":208,"date":"2023-08-08T07:42:33","date_gmt":"2023-08-08T07:42:33","guid":{"rendered":"http:\/\/www.lebendiger-minoritenplatz.de\/?page_id=208"},"modified":"2026-01-27T11:27:57","modified_gmt":"2026-01-27T11:27:57","slug":"sommerferien-aktion","status":"publish","type":"page","link":"https:\/\/www.lebendiger-minoritenplatz.de\/?page_id=208","title":{"rendered":"Sommerferien-Aktion"},"content":{"rendered":"<div id=\"pl-208\" class=\"panel-layout\">\n<div id=\"pg-208-0\" class=\"panel-grid panel-no-style\">\n<div id=\"pgc-208-0-0\" class=\"panel-grid-cell\" data-weight=\"1\">\n<div id=\"panel-208-0-0-0\" class=\"so-panel widget widget_sow-editor panel-first-child\" data-index=\"0\" data-style=\"{&quot;background_image_attachment&quot;:false,&quot;background_display&quot;:&quot;tile&quot;,&quot;background_image_size&quot;:&quot;full&quot;,&quot;border_thickness&quot;:&quot;1px&quot;}\">\n<div class=\"so-widget-sow-editor so-widget-sow-editor-base\">\n<div class=\"siteorigin-widget-tinymce textwidget\">\n<p style=\"text-align: center;\"><img loading=\"lazy\" decoding=\"async\" class=\"alignnone size-medium wp-image-1926\" src=\"http:\/\/www.lebendiger-minoritenplatz.de\/wp-content\/uploads\/2025\/07\/Plakat_Pop-Up-Sandkasten-Cafe-2025-_01-212x300.jpg\" alt=\"\" width=\"212\" height=\"300\" srcset=\"https:\/\/www.lebendiger-minoritenplatz.de\/wp-content\/uploads\/2025\/07\/Plakat_Pop-Up-Sandkasten-Cafe-2025-_01-212x300.jpg 212w, https:\/\/www.lebendiger-minoritenplatz.de\/wp-content\/uploads\/2025\/07\/Plakat_Pop-Up-Sandkasten-Cafe-2025-_01-724x1024.jpg 724w, https:\/\/www.lebendiger-minoritenplatz.de\/wp-content\/uploads\/2025\/07\/Plakat_Pop-Up-Sandkasten-Cafe-2025-_01-768x1086.jpg 768w, https:\/\/www.lebendiger-minoritenplatz.de\/wp-content\/uploads\/2025\/07\/Plakat_Pop-Up-Sandkasten-Cafe-2025-_01-1086x1536.jpg 1086w, https:\/\/www.lebendiger-minoritenplatz.de\/wp-content\/uploads\/2025\/07\/Plakat_Pop-Up-Sandkasten-Cafe-2025-_01-1448x2048.jpg 1448w, https:\/\/www.lebendiger-minoritenplatz.de\/wp-content\/uploads\/2025\/07\/Plakat_Pop-Up-Sandkasten-Cafe-2025-_01-scaled.jpg 1810w\" sizes=\"auto, (max-width: 212px) 100vw, 212px\" \/><\/p>\n<\/div>\n<\/div>\n<\/div>\n<div id=\"panel-208-0-0-1\" class=\"so-panel widget widget_siteorigin-panels-postloop panel-last-child\" data-index=\"1\" data-style=\"{&quot;background_image_attachment&quot;:false,&quot;background_display&quot;:&quot;tile&quot;,&quot;background_image_size&quot;:&quot;full&quot;,&quot;border_thickness&quot;:&quot;1px&quot;}\">\n<h2><span style=\"color: #009999;\"><em>Sommerferienaktion: Pop-up Sandkasten<\/em><\/span><\/h2>\n<p data-start=\"226\" data-end=\"446\">Mit der <strong data-start=\"234\" data-end=\"276\">Sommerferienaktion \u201ePop-up Sandkasten\u201c<\/strong> schafft die B\u00fcrgerinitiative \u201eLebendiger Minoritenplatz\u201c e.V. in den Ferien ein gemeinwohlorientiertes Angebot f\u00fcr Familien und alle Generationen auf dem Minoritenplatz.<\/p>\n<p data-start=\"448\" data-end=\"755\">Kinder k\u00f6nnen im <strong data-start=\"465\" data-end=\"498\">4 \u00d7 4 Meter gro\u00dfen Sandkasten<\/strong> mit bereitgestelltem Spielzeug spielen und neue Kontakte kn\u00fcpfen, w\u00e4hrend Erwachsene bei Kaffee oder Kaltgetr\u00e4nken entspannen und ins Gespr\u00e4ch kommen. Erg\u00e4nzt wird das Angebot durch einen <strong data-start=\"687\" data-end=\"701\">Caf\u00e9-Wagen<\/strong> sowie die M\u00f6glichkeit zum <strong data-start=\"728\" data-end=\"740\">Picknick<\/strong> auf der Wiese.<\/p>\n<p data-start=\"757\" data-end=\"1071\">W\u00e4hrend der gesamten Aktion ist der Pop-up Sandkasten <strong data-start=\"811\" data-end=\"845\">jeden Donnerstag bis 21:00 Uhr<\/strong> ge\u00f6ffnet. Das Angebot richtet sich ausdr\u00fccklich auch an Berufst\u00e4tige und f\u00f6rdert Begegnungen zwischen Jung und Alt. Ziel ist es, Gemeinschaft zu st\u00e4rken, Austausch zu erm\u00f6glichen und <strong data-start=\"1029\" data-end=\"1070\">Einsamkeit im Alltag entgegenzuwirken<\/strong>.<\/p>\n<\/div>\n<\/div>\n<\/div>\n<\/div>\n","protected":false},"excerpt":{"rendered":"<p>Sommerferienaktion: Pop-up Sandkasten Mit der Sommerferienaktion \u201ePop-up Sandkasten\u201c schafft die B\u00fcrgerinitiative \u201eLebendiger Minoritenplatz\u201c e.V. in den Ferien ein gemeinwohlorientiertes Angebot f\u00fcr Familien und alle Generationen auf dem Minoritenplatz. Kinder k\u00f6nnen im 4 \u00d7 4 Meter gro\u00dfen Sandkasten mit bereitgestelltem Spielzeug spielen und neue Kontakte kn\u00fcpfen, w\u00e4hrend Erwachsene bei Kaffee oder Kaltgetr\u00e4nken entspannen und ins Gespr\u00e4ch [&hellip;]<\/p>\n","protected":false},"author":1,"featured_media":0,"parent":0,"menu_order":0,"comment_status":"closed","ping_status":"closed","template":"","meta":{"_crdt_document":"","footnotes":""},"class_list":["post-208","page","type-page","status-publish","hentry","post"],"_links":{"self":[{"href":"https:\/\/www.lebendiger-minoritenplatz.de\/index.php?rest_route=\/wp\/v2\/pages\/208","targetHints":{"allow":["GET"]}}],"collection":[{"href":"https:\/\/www.lebendiger-minoritenplatz.de\/index.php?rest_route=\/wp\/v2\/pages"}],"about":[{"href":"https:\/\/www.lebendiger-minoritenplatz.de\/index.php?rest_route=\/wp\/v2\/types\/page"}],"author":[{"embeddable":true,"href":"https:\/\/www.lebendiger-minoritenplatz.de\/index.php?rest_route=\/wp\/v2\/users\/1"}],"replies":[{"embeddable":true,"href":"https:\/\/www.lebendiger-minoritenplatz.de\/index.php?rest_route=%2Fwp%2Fv2%2Fcomments&post=208"}],"version-history":[{"count":14,"href":"https:\/\/www.lebendiger-minoritenplatz.de\/index.php?rest_route=\/wp\/v2\/pages\/208\/revisions"}],"predecessor-version":[{"id":2609,"href":"https:\/\/www.lebendiger-minoritenplatz.de\/index.php?rest_route=\/wp\/v2\/pages\/208\/revisions\/2609"}],"wp:attachment":[{"href":"https:\/\/www.lebendiger-minoritenplatz.de\/index.php?rest_route=%2Fwp%2Fv2%2Fmedia&parent=208"}],"curies":[{"name":"wp","href":"https:\/\/api.w.org\/{rel}","templated":true}]}}